{"id":42,"date":"2013-12-22T21:32:36","date_gmt":"2013-12-22T20:32:36","guid":{"rendered":"https:\/\/pes-cotedor.fr\/arc-sur-tille\/?page_id=42"},"modified":"2022-12-03T19:27:29","modified_gmt":"2022-12-03T18:27:29","slug":"osteopathe-arc-sur-tille","status":"publish","type":"page","link":"https:\/\/pes-cotedor.fr\/arc-sur-tille\/osteopathe-arc-sur-tille\/","title":{"rendered":"Votre ost\u00e9opathe \u00e0 Arc-sur-Tille"},"content":{"rendered":"<div class=\"fusion-fullwidth fullwidth-box fusion-builder-row-1 nonhundred-percent-fullwidth non-hundred-percent-height-scrolling\" style=\"--awb-border-radius-top-left:0px;--awb-border-radius-top-right:0px;--awb-border-radius-bottom-right:0px;--awb-border-radius-bottom-left:0px;\" ><div class=\"fusion-builder-row fusion-row\"><div class=\"fusion-layout-column fusion_builder_column fusion-builder-column-0 fusion_builder_column_1_1 1_1 fusion-one-full fusion-column-first fusion-column-last\" style=\"--awb-bg-size:cover;--awb-margin-top:0px;--awb-margin-bottom:0px;\"><div class=\"fusion-column-wrapper fusion-flex-column-wrapper-legacy\"><div class=\"fusion-title title fusion-title-1 fusion-title-center fusion-title-text fusion-title-size-one\"><div class=\"title-sep-container title-sep-container-left\"><div class=\"title-sep sep-double sep-solid\" style=\"border-color:#e0dede;\"><\/div><\/div><span class=\"awb-title-spacer\"><\/span><h1 class=\"title-heading-center fusion-responsive-typography-calculated\" style=\"margin:0;--fontSize:34;line-height:1.41;\">Votre Ost\u00e9opathe \u00e0 Arc-sur-Tille<\/h1><span class=\"awb-title-spacer\"><\/span><div class=\"title-sep-container title-sep-container-right\"><div class=\"title-sep sep-double sep-solid\" style=\"border-color:#e0dede;\"><\/div><\/div><\/div><div class=\"fusion-person person fusion-person-left fusion-person-1 fusion-person-icon-top\" style=\"--awb-pic-style-color:#000000;--awb-pic-borderradius:0px;--awb-margin-top:0px;--awb-margin-right:0px;--awb-margin-bottom:0px;--awb-margin-left:0px;--awb-social-box-border-top:0px;--awb-social-box-border-right:0px;--awb-social-box-border-bottom:0px;--awb-social-box-border-left:0px;--awb-social-box-border-color:var(--awb-color3);--awb-social-box-colors-hover:rgba(232,232,232,0.8);--awb-social-box-border-color-hover:var(--awb-color4);--awb-social-icon-colors-hover:rgba(130,201,240,0.8);\"><div class=\"person-shortcode-image-wrapper\"><div class=\"person-image-container hover-type-none\" style=\"border:0px solid #f6f6f6;-webkit-border-radius:0px;-moz-border-radius:0px;border-radius:0px;\"><img decoding=\"async\" class=\"person-img img-responsive wp-image-262\" width=\"167\" height=\"300\" src=\"https:\/\/pes-cotedor.fr\/arc-sur-tille\/wp-content\/uploads\/sites\/2\/2013\/12\/Sophie-Boussard-167x300.jpg\" alt=\"Sophie Boussard\" srcset=\"https:\/\/pes-cotedor.fr\/arc-sur-tille\/wp-content\/uploads\/sites\/2\/2013\/12\/Sophie-Boussard-200x359.jpg 200w, https:\/\/pes-cotedor.fr\/arc-sur-tille\/wp-content\/uploads\/sites\/2\/2013\/12\/Sophie-Boussard-400x717.jpg 400w, https:\/\/pes-cotedor.fr\/arc-sur-tille\/wp-content\/uploads\/sites\/2\/2013\/12\/Sophie-Boussard-600x1076.jpg 600w, https:\/\/pes-cotedor.fr\/arc-sur-tille\/wp-content\/uploads\/sites\/2\/2013\/12\/Sophie-Boussard-800x1435.jpg 800w, https:\/\/pes-cotedor.fr\/arc-sur-tille\/wp-content\/uploads\/sites\/2\/2013\/12\/Sophie-Boussard-1200x2152.jpg 1200w, https:\/\/pes-cotedor.fr\/arc-sur-tille\/wp-content\/uploads\/sites\/2\/2013\/12\/Sophie-Boussard.jpg 1238w\" sizes=\"(max-width: 800px) 100vw, 1200px\" \/><\/div><\/div><div class=\"person-desc\"><div class=\"person-author\"><div class=\"person-author-wrapper\"><span class=\"person-name\">Sophie Boussard<\/span><span class=\"person-title\">Ost\u00e9opathe D.O.<\/span><\/div><div class=\"fusion-social-networks\"><div class=\"fusion-social-networks-wrapper\"><a class=\"fusion-social-network-icon fusion-tooltip fusion-facebook awb-icon-facebook custom\" aria-label=\"fusion-facebook\" href=\"https:\/\/www.facebook.com\/pes.arc.sur.tille\" target=\"_blank\" rel=\"noopener noreferrer\" style=\"color:#82c9f0;font-size:16px;\" data-placement=\"top\" data-title=\"Facebook\" title=\"Facebook\" data-toggle=\"tooltip\"><\/a><a class=\"fusion-social-network-icon fusion-tooltip fusion-mail awb-icon-mail custom\" aria-label=\"fusion-mail\" href=\"mailto:s&#111;ph&#105;&#101;.bou&#115;&#115;a&#114;d&#064;p&#101;&#115;-cote&#100;&#111;r&#046;fr\" target=\"_self\" style=\"color:#82c9f0;font-size:16px;\" data-placement=\"top\" data-title=\"Mail\" title=\"Mail\" data-toggle=\"tooltip\"><\/a><\/div><\/div><\/div><div class=\"person-content fusion-clearfix\"><\/div><\/div><\/div><div class=\"fusion-text fusion-text-1\"><p style=\"text-align: justify;\">Votre ost\u00e9opathe \u00e0 Arc-sur-Tille,\u00a0<strong>Sophie BOUSSARD<\/strong>, a suivi une formation de\u00a0<strong>5 ann\u00e9es \u00e0 temps plein<\/strong>\u00a0en Ost\u00e9opathie \u00e0 ISOst\u00e9o Lyon et d\u2019une 6<sup>\u00e8me<\/sup>\u00a0ann\u00e9e \u00e0 temps partiel. Durant ses \u00e9tudes, elle a suivi une formation pr\u00e9-clinique pendant laquelle elle a \u00e9t\u00e9 form\u00e9e \u00e0 un tr\u00e8s grand nombre de mati\u00e8re th\u00e9orique (plus de 1600 heures) parmi lesquelles on trouve l\u2019anatomie, la physiologie, les pathologies, la biom\u00e9canique, \u2026 Mais \u00e9galement, elle a \u00e9t\u00e9 form\u00e9e \u00e0 de nombreuses mati\u00e8res pratiques (plus de 2000 heures) telles que les techniques structurelles, fonctionnelles, TGO (traitement g\u00e9n\u00e9ral ost\u00e9opathique), myo-fasciales, pelviennes, visc\u00e9rales, cr\u00e2niennes, \u2026 Puis, elle a poursuivi sa formation avec\u00a0<strong>2 ann\u00e9es de pratique clinique interne<\/strong>\u00a0(plus de 1000 heures) o\u00f9 elle a eu l\u2019occasion de prendre en charges des enfants, des adolescents, des femmes enceintes, des s\u00e9niors, des sportifs dans 2 cliniques situ\u00e9es \u00e0 LYON et sa p\u00e9riph\u00e9rie (Dardilly puis Ecully et Villeurbanne). Elle a \u00e9galement eu la chance de faire de\u00a0<strong>nombreux stages<\/strong>\u00a0d\u2019observation aupr\u00e8s de m\u00e9decin et chirurgien dans diff\u00e9rents services tels que les urgences, la m\u00e9decine du sport, chirurgie de la main, chirurgie cardio-vasculaire, chirurgie digestive, chirurgie du dos, radiologie.\u00a0 Au cours de ses \u00e9tudes, votre ost\u00e9opathe a \u00e9galement pratiqu\u00e9 lors de nombreux stages en entreprise, en centre sp\u00e9cialis\u00e9 pour les personnes handicap\u00e9es (EHOL, IME) et lors d\u2019\u00e9v\u00e8nements sportifs tels que la\u00a0<strong>Chevignoise<\/strong>\u00a0kalenji (plusieurs ann\u00e9es),\u00a0<strong>l\u2019ultra Trail de Marsannay-la-C\u00f4te<\/strong>, la\u00a0<strong>Trans\u2019ju Trail<\/strong>, la\u00a0<strong>Trans\u2019jurassienne<\/strong>, le marathon du lac d\u2019Annecy, la nuit du hand, tournoi de foot. J\u2019ai \u00e9galement effectu\u00e9 un stage avec l\u2019\u00e9quipe professionnelle de hockey de Grenoble, les <strong>Br\u00fbleurs de Loup<\/strong>.<\/p>\n<h2><\/h2>\n<\/div><div class=\"fusion-title title fusion-title-2 fusion-title-center fusion-title-text fusion-title-size-one\"><div class=\"title-sep-container title-sep-container-left\"><div class=\"title-sep sep-double sep-solid\" style=\"border-color:#e0dede;\"><\/div><\/div><span class=\"awb-title-spacer\"><\/span><h1 class=\"title-heading-center fusion-responsive-typography-calculated\" style=\"margin:0;--fontSize:34;line-height:1.41;\">Formation Continue<\/h1><span class=\"awb-title-spacer\"><\/span><div class=\"title-sep-container title-sep-container-right\"><div class=\"title-sep sep-double sep-solid\" style=\"border-color:#e0dede;\"><\/div><\/div><\/div><div class=\"fusion-text fusion-text-2\"><ul>\n<li style=\"text-align: justify;\">Kin\u00e9sio Taping<sup>\u00ae<\/sup><\/li>\n<li style=\"text-align: justify;\">Formation \u00ab\u00a0Ost\u00e9opathie et Sport\u00a0\u00bb \u00e0 ISOSTEO Lyon, en 2014<\/li>\n<li style=\"text-align: justify;\">Formation \u00ab\u00a0Th\u00e9orique, pratique et clinique en Ost\u00e9opathie p\u00e9rinatale et P\u00e9diatrique\u00a0\u00bb \u00e0 ISOSTEO Lyon, en 2014<\/li>\n<li style=\"text-align: justify;\">Formation \u00ab\u00a0Abord Ost\u00e9opathique de la P\u00e9rinatalit\u00e9\u00a0\u00bb \u00e0 Ost\u00e9oNat Paris, en 2016<\/li>\n<\/ul>\n<\/div><div class=\"fusion-title title fusion-title-3 fusion-title-center fusion-title-text fusion-title-size-one\"><div class=\"title-sep-container title-sep-container-left\"><div class=\"title-sep sep-double sep-solid\" style=\"border-color:#e0dede;\"><\/div><\/div><span class=\"awb-title-spacer\"><\/span><h1 class=\"title-heading-center fusion-responsive-typography-calculated\" style=\"margin:0;--fontSize:34;line-height:1.41;\">Son \u00e9tablissement de formation<\/h1><span class=\"awb-title-spacer\"><\/span><div class=\"title-sep-container title-sep-container-right\"><div class=\"title-sep sep-double sep-solid\" style=\"border-color:#e0dede;\"><\/div><\/div><\/div><div class=\"fusion-text fusion-text-3\"><p style=\"text-align: justify;\"><img decoding=\"async\" class=\"alignleft \" src=\"https:\/\/pes-moselle.fr\/yutz\/wp-content\/uploads\/sites\/2\/2014\/03\/Isosteo.jpg\" width=\"282\" height=\"237\" \/>Fond\u00e9 en\u00a0<strong>1991<\/strong>, l&rsquo;Institut Sup\u00e9rieur d&rsquo;Ost\u00e9opathie de Lyon-Limonest (auparavant connu sous le nom d&rsquo;ISO Lyon) a particip\u00e9 activement \u00e0 la cr\u00e9ation du 1er enseignement de l&rsquo;ost\u00e9opathie en formation initiale post-bac. En\u00a0<strong>2007<\/strong>, ISO Lyon a fait partie de la 1\u00e8re liste d&rsquo;\u00e9coles agr\u00e9\u00e9es par le Minist\u00e8re de la Sant\u00e9 pour d\u00e9livrer le Dipl\u00f4me d\u2019Ost\u00e9opathe (D.O). Le Dipl\u00f4me d\u2019Ost\u00e9opathe permet l\u2019usage du titre d\u2019ost\u00e9opathe et l\u2019exercice lib\u00e9ral d\u2019ost\u00e9opathe. En\u00a0<strong>2010<\/strong>,\u00a0ISO Lyon devient ISOst\u00e9o Lyon.\u00a0Symbole d&rsquo;une nouvelle dynamique, le nom<strong>\u00a0<a href=\"https:\/\/www.isosteo.fr\/\" target=\"_blank\" rel=\"noopener noreferrer\">ISOst\u00e9o<\/a>\u00a0<\/strong>met en avant le\u00a0m\u00e9tier d&rsquo;ost\u00e9opathe\u00a0et repr\u00e9sente la volont\u00e9 non seulement de s&rsquo;adapter aux \u00e9volutions du monde de l&rsquo;ost\u00e9opathie, mais encore de contribuer \u00e0 leur anticipation, \u00e0 travers un enseignement ax\u00e9 sur la professionnalisation. Depuis\u00a0<strong>2011<\/strong>\u00a0le Dipl\u00f4me d&rsquo;Ost\u00e9opathe (D.O) d\u00e9livr\u00e9 par ISOst\u00e9o Lyon est certifi\u00e9\u00a0<a href=\"https:\/\/www.rncp.cncp.gouv.fr\/grand-public\/visualisationFiche?format=fr&amp;fiche=11938\">RNCP (R\u00e9pertoire national des certifications professionnelles)\u00a0Niveau I Grade de Master (Bac+5)<\/a>\u00a0: ISOst\u00e9o Lyon fait partie des 11 \u00e9coles fran\u00e7aises habilit\u00e9es de Niveau I par le Minist\u00e8re du Travail. ISOst\u00e9o Lyon fait \u00e9galement partie du\u00a0<strong><a href=\"https:\/\/www.sneso.fr\">SNESO<\/a>\u00a0<\/strong>(Syndicat National de l\u2019Enseignement Sup\u00e9rieur en Ost\u00e9opathie)\u00a0seul syndicat fran\u00e7ais regroupant 6 \u00e9coles imposant un minimum de 5 ann\u00e9es d&rsquo;\u00e9tudes et agr\u00e9\u00e9es par le Minist\u00e8re de la Sant\u00e9 le\u00a0<a href=\"https:\/\/www.legifrance.gouv.fr\/affichTexte.do?cidTexte=JORFTEXT000000274302&amp;dateTexte=&amp;categorieLien=id\">17 Ao\u00fbt 2007<\/a>. Ces \u00e9coles sont \u00e0 l&rsquo;origine du R\u00e9f\u00e9rentiel de Formation en Ost\u00e9opathie\u00a0<strong>\u00ab\u00a0Devenir Ost\u00e9opathe, Agir avec comp\u00e9tence\u00a0\u00bb\u00a0<\/strong>prouvant\u00a0un gage de savoir-faire et de savoir-former des praticiens en ost\u00e9opathie de grande comp\u00e9tence et de grande s\u00e9curit\u00e9 pour les patients.<\/p>\n<\/div><div class=\"fusion-clearfix\"><\/div><\/div><\/div><\/div><\/div>\n","protected":false},"excerpt":{"rendered":"","protected":false},"author":1,"featured_media":0,"parent":0,"menu_order":0,"comment_status":"open","ping_status":"closed","template":"","meta":[],"yoast_head":"<!-- This site is optimized with the Yoast SEO plugin v19.13 - https:\/\/yoast.com\/wordpress\/plugins\/seo\/ -->\n<title>Votre ost\u00e9opathe \u00e0 Arc-sur-Tille - P\u00f4le Equilibre&amp;Sant\u00e9 de C\u00f4te<\/title>\n<meta name=\"description\" content=\"Votre ost\u00e9opathe \u00e0 Arc-sur-Tille, Sophie BOUSSARD, a suivi une formation de 5 ann\u00e9es \u00e0 temps plein en Ost\u00e9opathie et saura r\u00e9pondre \u00e0 toutes vos demandes.\" \/>\n<meta name=\"robots\" content=\"index, follow, max-snippet:-1, max-image-preview:large, max-video-preview:-1\" \/>\n<link rel=\"canonical\" href=\"https:\/\/pes-cotedor.fr\/arc-sur-tille\/osteopathe-arc-sur-tille\/\" \/>\n<meta property=\"og:locale\" content=\"fr_FR\" \/>\n<meta property=\"og:type\" content=\"article\" \/>\n<meta property=\"og:title\" content=\"Votre ost\u00e9opathe \u00e0 Arc-sur-Tille - P\u00f4le Equilibre&amp;Sant\u00e9 de C\u00f4te\" \/>\n<meta property=\"og:description\" content=\"Votre ost\u00e9opathe \u00e0 Arc-sur-Tille, Sophie BOUSSARD, a suivi une formation de 5 ann\u00e9es \u00e0 temps plein en Ost\u00e9opathie et saura r\u00e9pondre \u00e0 toutes vos demandes.\" \/>\n<meta property=\"og:url\" content=\"https:\/\/pes-cotedor.fr\/arc-sur-tille\/osteopathe-arc-sur-tille\/\" \/>\n<meta property=\"og:site_name\" content=\"P\u00f4le Equilibre&amp;Sant\u00e9 d&#039;Arc-sur-Tille\" \/>\n<meta property=\"article:modified_time\" content=\"2022-12-03T18:27:29+00:00\" \/>\n<meta property=\"og:image\" content=\"https:\/\/pes-moselle.fr\/yutz\/wp-content\/uploads\/sites\/2\/2014\/03\/Isosteo.jpg\" \/>\n<meta name=\"twitter:card\" content=\"summary_large_image\" \/>\n<meta name=\"twitter:label1\" content=\"Dur\u00e9e de lecture estim\u00e9e\" \/>\n\t<meta name=\"twitter:data1\" content=\"4 minutes\" \/>\n<script type=\"application\/ld+json\" class=\"yoast-schema-graph\">{\"@context\":\"https:\/\/schema.org\",\"@graph\":[{\"@type\":\"WebPage\",\"@id\":\"https:\/\/pes-cotedor.fr\/arc-sur-tille\/osteopathe-arc-sur-tille\/\",\"url\":\"https:\/\/pes-cotedor.fr\/arc-sur-tille\/osteopathe-arc-sur-tille\/\",\"name\":\"Votre ost\u00e9opathe \u00e0 Arc-sur-Tille - P\u00f4le Equilibre&Sant\u00e9 de C\u00f4te\",\"isPartOf\":{\"@id\":\"https:\/\/pes-cotedor.fr\/arc-sur-tille\/#website\"},\"datePublished\":\"2013-12-22T20:32:36+00:00\",\"dateModified\":\"2022-12-03T18:27:29+00:00\",\"description\":\"Votre ost\u00e9opathe \u00e0 Arc-sur-Tille, Sophie BOUSSARD, a suivi une formation de 5 ann\u00e9es \u00e0 temps plein en Ost\u00e9opathie et saura r\u00e9pondre \u00e0 toutes vos demandes.\",\"breadcrumb\":{\"@id\":\"https:\/\/pes-cotedor.fr\/arc-sur-tille\/osteopathe-arc-sur-tille\/#breadcrumb\"},\"inLanguage\":\"fr-FR\",\"potentialAction\":[{\"@type\":\"ReadAction\",\"target\":[\"https:\/\/pes-cotedor.fr\/arc-sur-tille\/osteopathe-arc-sur-tille\/\"]}]},{\"@type\":\"BreadcrumbList\",\"@id\":\"https:\/\/pes-cotedor.fr\/arc-sur-tille\/osteopathe-arc-sur-tille\/#breadcrumb\",\"itemListElement\":[{\"@type\":\"ListItem\",\"position\":1,\"name\":\"Accueil\",\"item\":\"https:\/\/pes-cotedor.fr\/arc-sur-tille\/\"},{\"@type\":\"ListItem\",\"position\":2,\"name\":\"Votre ost\u00e9opathe \u00e0 Arc-sur-Tille\"}]},{\"@type\":\"WebSite\",\"@id\":\"https:\/\/pes-cotedor.fr\/arc-sur-tille\/#website\",\"url\":\"https:\/\/pes-cotedor.fr\/arc-sur-tille\/\",\"name\":\"P\u00f4le Equilibre&amp;Sant\u00e9 d&#039;Arc-sur-Tille\",\"description\":\"\",\"potentialAction\":[{\"@type\":\"SearchAction\",\"target\":{\"@type\":\"EntryPoint\",\"urlTemplate\":\"https:\/\/pes-cotedor.fr\/arc-sur-tille\/?s={search_term_string}\"},\"query-input\":\"required name=search_term_string\"}],\"inLanguage\":\"fr-FR\"}]}<\/script>\n<!-- \/ Yoast SEO plugin. -->","yoast_head_json":{"title":"Votre ost\u00e9opathe \u00e0 Arc-sur-Tille - P\u00f4le Equilibre&Sant\u00e9 de C\u00f4te","description":"Votre ost\u00e9opathe \u00e0 Arc-sur-Tille, Sophie BOUSSARD, a suivi une formation de 5 ann\u00e9es \u00e0 temps plein en Ost\u00e9opathie et saura r\u00e9pondre \u00e0 toutes vos demandes.","robots":{"index":"index","follow":"follow","max-snippet":"max-snippet:-1","max-image-preview":"max-image-preview:large","max-video-preview":"max-video-preview:-1"},"canonical":"https:\/\/pes-cotedor.fr\/arc-sur-tille\/osteopathe-arc-sur-tille\/","og_locale":"fr_FR","og_type":"article","og_title":"Votre ost\u00e9opathe \u00e0 Arc-sur-Tille - P\u00f4le Equilibre&Sant\u00e9 de C\u00f4te","og_description":"Votre ost\u00e9opathe \u00e0 Arc-sur-Tille, Sophie BOUSSARD, a suivi une formation de 5 ann\u00e9es \u00e0 temps plein en Ost\u00e9opathie et saura r\u00e9pondre \u00e0 toutes vos demandes.","og_url":"https:\/\/pes-cotedor.fr\/arc-sur-tille\/osteopathe-arc-sur-tille\/","og_site_name":"P\u00f4le Equilibre&amp;Sant\u00e9 d&#039;Arc-sur-Tille","article_modified_time":"2022-12-03T18:27:29+00:00","og_image":[{"url":"https:\/\/pes-moselle.fr\/yutz\/wp-content\/uploads\/sites\/2\/2014\/03\/Isosteo.jpg"}],"twitter_card":"summary_large_image","twitter_misc":{"Dur\u00e9e de lecture estim\u00e9e":"4 minutes"},"schema":{"@context":"https:\/\/schema.org","@graph":[{"@type":"WebPage","@id":"https:\/\/pes-cotedor.fr\/arc-sur-tille\/osteopathe-arc-sur-tille\/","url":"https:\/\/pes-cotedor.fr\/arc-sur-tille\/osteopathe-arc-sur-tille\/","name":"Votre ost\u00e9opathe \u00e0 Arc-sur-Tille - P\u00f4le Equilibre&Sant\u00e9 de C\u00f4te","isPartOf":{"@id":"https:\/\/pes-cotedor.fr\/arc-sur-tille\/#website"},"datePublished":"2013-12-22T20:32:36+00:00","dateModified":"2022-12-03T18:27:29+00:00","description":"Votre ost\u00e9opathe \u00e0 Arc-sur-Tille, Sophie BOUSSARD, a suivi une formation de 5 ann\u00e9es \u00e0 temps plein en Ost\u00e9opathie et saura r\u00e9pondre \u00e0 toutes vos demandes.","breadcrumb":{"@id":"https:\/\/pes-cotedor.fr\/arc-sur-tille\/osteopathe-arc-sur-tille\/#breadcrumb"},"inLanguage":"fr-FR","potentialAction":[{"@type":"ReadAction","target":["https:\/\/pes-cotedor.fr\/arc-sur-tille\/osteopathe-arc-sur-tille\/"]}]},{"@type":"BreadcrumbList","@id":"https:\/\/pes-cotedor.fr\/arc-sur-tille\/osteopathe-arc-sur-tille\/#breadcrumb","itemListElement":[{"@type":"ListItem","position":1,"name":"Accueil","item":"https:\/\/pes-cotedor.fr\/arc-sur-tille\/"},{"@type":"ListItem","position":2,"name":"Votre ost\u00e9opathe \u00e0 Arc-sur-Tille"}]},{"@type":"WebSite","@id":"https:\/\/pes-cotedor.fr\/arc-sur-tille\/#website","url":"https:\/\/pes-cotedor.fr\/arc-sur-tille\/","name":"P\u00f4le Equilibre&amp;Sant\u00e9 d&#039;Arc-sur-Tille","description":"","potentialAction":[{"@type":"SearchAction","target":{"@type":"EntryPoint","urlTemplate":"https:\/\/pes-cotedor.fr\/arc-sur-tille\/?s={search_term_string}"},"query-input":"required name=search_term_string"}],"inLanguage":"fr-FR"}]}},"_links":{"self":[{"href":"https:\/\/pes-cotedor.fr\/arc-sur-tille\/wp-json\/wp\/v2\/pages\/42"}],"collection":[{"href":"https:\/\/pes-cotedor.fr\/arc-sur-tille\/wp-json\/wp\/v2\/pages"}],"about":[{"href":"https:\/\/pes-cotedor.fr\/arc-sur-tille\/wp-json\/wp\/v2\/types\/page"}],"author":[{"embeddable":true,"href":"https:\/\/pes-cotedor.fr\/arc-sur-tille\/wp-json\/wp\/v2\/users\/1"}],"replies":[{"embeddable":true,"href":"https:\/\/pes-cotedor.fr\/arc-sur-tille\/wp-json\/wp\/v2\/comments?post=42"}],"version-history":[{"count":4,"href":"https:\/\/pes-cotedor.fr\/arc-sur-tille\/wp-json\/wp\/v2\/pages\/42\/revisions"}],"predecessor-version":[{"id":353,"href":"https:\/\/pes-cotedor.fr\/arc-sur-tille\/wp-json\/wp\/v2\/pages\/42\/revisions\/353"}],"wp:attachment":[{"href":"https:\/\/pes-cotedor.fr\/arc-sur-tille\/wp-json\/wp\/v2\/media?parent=42"}],"curies":[{"name":"wp","href":"https:\/\/api.w.org\/{rel}","templated":true}]}}